{"id":617,"date":"2024-07-23T10:49:17","date_gmt":"2024-07-23T08:49:17","guid":{"rendered":"https:\/\/svazfilatelistu.cz\/?page_id=617"},"modified":"2025-04-06T22:29:22","modified_gmt":"2025-04-06T20:29:22","slug":"archiv-aktualit","status":"publish","type":"page","link":"https:\/\/svazfilatelistu.cz\/?page_id=617","title":{"rendered":"Archiv aktualit"},"content":{"rendered":"\n<h3 class=\"wp-block-heading\"><strong>Vysok\u00e9 M\u00fdto v\u010dera a dnes aneb Odraz historie m\u011bsta v po\u0161tovn\u00edm provozu<\/strong><\/h3>\n\n\n\n<p><strong>20. \u00fanora a\u017e 6. dubna 2025, Vysok\u00e9 M\u00fdto<\/strong><br>M\u011bstsk\u00e1 galerie Vysok\u00e9 M\u00fdto, n\u00e1m. P\u0159emysla Otakara II. 96<br><a href=\"http:\/\/www.galerie-vm.cz\" target=\"_blank\" rel=\"noreferrer noopener\">www.galerie-vm.cz<\/a><\/p>\n\n\n\n<p>Na v\u00fdstav\u011b budete moci zhl\u00e9dnout:<br>\u2013 expon\u00e1t p\u0159ibli\u017euj\u00edc\u00ed historii m\u011bsta Vysok\u00e9 M\u00fdto,<br>\u2013 origin\u00e1l obrazu Vladim\u00edra Tesa\u0159e, kter\u00fd byl koncem minul\u00e9ho roku vyobrazen na po\u0161tovn\u00ed zn\u00e1mce,<br>\u2013 dopisnici odeslanou Rudolfem Poplerem do jeho rodn\u00e9ho m\u011bsta,<br>\u2013 v\u00fdb\u011br ze sb\u00edrky Petra Motla, zachycuj\u00edc\u00ed historii firmy Strat\u00edlek, v\u00fdznamn\u00e9ho v\u00fdrobce protipo\u017e\u00e1rn\u00ed techniky.<br>Slavnostn\u00ed zah\u00e1jen\u00ed prob\u011bhne ve \u010dtvrtek\u00a0<strong>20. \u00fanora v 17 hodin<\/strong>, kdy se m\u016f\u017eete t\u011b\u0161it na komentovanou prohl\u00eddku expon\u00e1tu Petra Fencla. P\u0159edstavena bude tak\u00e9 ned\u00e1vno vydan\u00e1 po\u0161tovn\u00ed zn\u00e1mka s obrazem z galerijn\u00edch sb\u00edrek.<\/p>\n\n\n\n<h3 class=\"wp-block-heading\"><strong>V\u00fdstava \u201eFilatelie \u2013 rarity a p\u0159\u00edb\u011bhy\u201c<\/strong><\/h3>\n\n\n\n<p><strong>12. a\u017e 17. 11. 2024<\/strong><br>Point Caf\u00e9 &amp; Galery, n\u00e1m\u011bst\u00ed Franze Kafky 24\/3, Praha (hned vedle Starom\u011bstsk\u00e9ho n\u00e1m\u011bst\u00ed), od 11 do 21 hodin, vstupn\u00e9 200 K\u010d.<\/p>\n\n\n\n<p>Odborn\u00e1 spole\u010dnost filatelistick\u00fdch studi\u00ed (OS FS) Svazu \u010desk\u00fdch filatelist\u016f po\u0159\u00e1d\u00e1 ve dnech 12. a\u017e 17. listopadu na Kafkov\u011b n\u00e1m\u011bst\u00ed v Praze, v rodn\u00e9m dom\u011b Franze Kafky, svou prvn\u00ed v\u00fdstavu vz\u00e1cnost\u00ed ze sb\u00edrek p\u0159edn\u00edch \u010desk\u00fdch filatelist\u016f s n\u00e1zvem Filatelie \u2013 rarity a p\u0159\u00edb\u011bhy.<\/p>\n\n\n\n<p>V\u00fdstava obsahuje 23 expon\u00e1t\u016f zn\u00e1mek a dopis\u016f s poutav\u00fdmi p\u0159\u00edb\u011bhy, kter\u00e9 dosud v\u011bt\u0161inou nebyly publikov\u00e1ny.<\/p>\n\n\n\n<p>Nejv\u00fdznamn\u011bj\u0161\u00ed zn\u00e1mky:<\/p>\n\n\n<div class=\"wp-block-image\">\n<figure class=\"aligncenter\"><img loading=\"lazy\" decoding=\"async\" width=\"261\" height=\"269\" src=\"https:\/\/svazfilatelistu.cz\/wp-content\/uploads\/2024\/11\/Merkur.png\" alt=\"\" class=\"wp-image-724\"\/><\/figure>\n<\/div>\n\n\n<ul class=\"wp-block-list\">\n<li>Rakousko emise 1856 \u2013 <strong>raz\u00edtkovan\u00fd Rum\u011blkov\u00fd merkur<\/strong> \u2013 nejkvalitn\u011bj\u0161\u00ed z p\u011bti dochovan\u00fdch exempl\u00e1\u0159\u016f.<\/li>\n\n\n\n<li>Rakousko \u2013 Unik\u00e1tn\u00ed dopis z Tanvaldu z roku 1856, kde byly pou\u017eity dva druhy kolk\u016f m\u00edsto po\u0161tovn\u00edch zn\u00e1mek.<\/li>\n\n\n\n<li>\u010ceskoslovensko \u2013 <strong>leteck\u00e1 zn\u00e1mka 1,50 K v \u00fazk\u00e9m form\u00e1tu<\/strong> s p\u0159evr\u00e1cen\u00fdm p\u0159etiskem Po\u0161ta \u010ceskoslovensk\u00e1 1919 \u2013 Unik\u00e1t<\/li>\n\n\n\n<li>Velk\u00e1 Brit\u00e1nie \u2013 Unik\u00e1tn\u00ed sestava zkusm\u00fdch tisk\u016fpro <strong>prvn\u00ed zn\u00e1mku sv\u011bta<\/strong> \u2013 Penny Black \u2013 z roku 1840.<\/li>\n<\/ul>\n\n\n<div class=\"wp-block-image\">\n<figure class=\"aligncenter\"><img loading=\"lazy\" decoding=\"async\" width=\"553\" height=\"341\" src=\"https:\/\/svazfilatelistu.cz\/wp-content\/uploads\/2024\/11\/dopis_Mauritius.png\" alt=\"\" class=\"wp-image-725\" srcset=\"https:\/\/svazfilatelistu.cz\/wp-content\/uploads\/2024\/11\/dopis_Mauritius.png 553w, https:\/\/svazfilatelistu.cz\/wp-content\/uploads\/2024\/11\/dopis_Mauritius-300x185.png 300w\" sizes=\"auto, (max-width: 553px) 100vw, 553px\" \/><\/figure>\n<\/div>\n\n\n<ul class=\"wp-block-list\">\n<li>Sestava <strong>4 dopis\u016f Mauritius<\/strong> POST PAID. T\u011bchto dopis\u016f je zn\u00e1mo p\u0159ibli\u017en\u011b 50, vystaven\u00e9 kusy jsou v mimo\u0159\u00e1dn\u00e9 kvalit\u011b.<\/li>\n<\/ul>\n\n\n<div class=\"wp-block-image\">\n<figure class=\"aligncenter\"><img loading=\"lazy\" decoding=\"async\" width=\"721\" height=\"1024\" src=\"https:\/\/svazfilatelistu.cz\/wp-content\/uploads\/2024\/10\/vystava-721x1024.jpg\" alt=\"\" class=\"wp-image-704\" srcset=\"https:\/\/svazfilatelistu.cz\/wp-content\/uploads\/2024\/10\/vystava-721x1024.jpg 721w, https:\/\/svazfilatelistu.cz\/wp-content\/uploads\/2024\/10\/vystava-211x300.jpg 211w, https:\/\/svazfilatelistu.cz\/wp-content\/uploads\/2024\/10\/vystava-768x1090.jpg 768w, https:\/\/svazfilatelistu.cz\/wp-content\/uploads\/2024\/10\/vystava.jpg 955w\" sizes=\"auto, (max-width: 721px) 100vw, 721px\" \/><\/figure>\n<\/div>\n\n\n<p><strong>4. 4. 2024 od 16:30<\/strong> v Dom\u011b Portus &#8211; p\u0159edn\u00e1\u0161ka KF 00-15 &#8211; <strong>Lubor Kunc<\/strong> &#8211; 110 let od vzniku rakousko-uhersk\u00e9 poln\u00ed po\u0161ty<\/p>\n\n\n\n<p><strong>22. a 23. 3. 2024 &#8211; Sb\u011bratel v Praze, hotel Olympik. <\/strong>Celodenn\u00ed burza zn\u00e1mek, minc\u00ed a bankovek. Komise znalc\u016f zaji\u0161\u0165uje poradenskou \u010dinnost. P\u0159\u00edtomni budou n\u00e1sleduj\u00edc\u00ed \u010dlenov\u00e9 Komise znalc\u016f: JUDr. Petr Folprecht, Ing. Josef Chudoba, Ph.D., Marek Vrba a Tom\u00e1\u0161 Pazdern\u00edk.<\/p>\n\n\n\n<p><a href=\"https:\/\/www.sberatel.info\/veletrh-jaro\/\">https:\/\/www.sberatel.info\/veletrh-jaro\/<\/a><\/p>\n\n\n\n<p><strong>7. 3. 2024  od 16:30<\/strong> v Dom\u011b Portus &#8211; p\u0159edn\u00e1\u0161ka KF 00-15 &#8211; <strong>Ing. Lud\u011bk Jan\u016f<\/strong> &#8211; P\u0159\u00eddavn\u00e1 raz\u00edtka po\u0161tovn\u00edch \u00fa\u0159ad\u016f<\/p>\n","protected":false},"excerpt":{"rendered":"<p>Vysok\u00e9 M\u00fdto v\u010dera a dnes aneb Odraz historie m\u011bsta v po\u0161tovn\u00edm provozu 20. \u00fanora a\u017e 6. dubna 2025, Vysok\u00e9 M\u00fdtoM\u011bstsk\u00e1 galerie Vysok\u00e9 M\u00fdto, n\u00e1m. P\u0159emysla Otakara II. 96www.galerie-vm.cz Na v\u00fdstav\u011b budete moci zhl\u00e9dnout:\u2013 expon\u00e1t p\u0159ibli\u017euj\u00edc\u00ed historii m\u011bsta Vysok\u00e9 M\u00fdto,\u2013 origin\u00e1l obrazu Vladim\u00edra Tesa\u0159e, kter\u00fd byl koncem minul\u00e9ho roku vyobrazen na po\u0161tovn\u00ed zn\u00e1mce,\u2013 dopisnici odeslanou Rudolfem Poplerem do jeho rodn\u00e9ho m\u011bsta,\u2013 v\u00fdb\u011br ze sb\u00edrky Petra Motla, zachycuj\u00edc\u00ed historii firmy Strat\u00edlek, v\u00fdznamn\u00e9ho v\u00fdrobce protipo\u017e\u00e1rn\u00ed techniky.Slavnostn\u00ed zah\u00e1jen\u00ed prob\u011bhne ve \u010dtvrtek\u00a020. \u00fanora v 17 hodin, kdy se m\u016f\u017eete t\u011b\u0161it na komentovanou prohl\u00eddku expon\u00e1tu Petra Fencla. P\u0159edstavena bude tak\u00e9 ned\u00e1vno vydan\u00e1 po\u0161tovn\u00ed zn\u00e1mka s obrazem z galerijn\u00edch sb\u00edrek. V\u00fdstava \u201eFilatelie \u2013 rarity a p\u0159\u00edb\u011bhy\u201c 12. a\u017e 17. 11. 2024Point Caf\u00e9 &amp; Galery, n\u00e1m\u011bst\u00ed Franze Kafky 24\/3, Praha (hned vedle Starom\u011bstsk\u00e9ho n\u00e1m\u011bst\u00ed), od 11 do 21 hodin, vstupn\u00e9 200 K\u010d. Odborn\u00e1 spole\u010dnost filatelistick\u00fdch studi\u00ed (OS FS) Svazu \u010desk\u00fdch filatelist\u016f po\u0159\u00e1d\u00e1 ve dnech 12. a\u017e 17. listopadu na Kafkov\u011b n\u00e1m\u011bst\u00ed v Praze, v rodn\u00e9m dom\u011b Franze Kafky, svou prvn\u00ed v\u00fdstavu vz\u00e1cnost\u00ed ze sb\u00edrek p\u0159edn\u00edch \u010desk\u00fdch filatelist\u016f s n\u00e1zvem Filatelie \u2013 rarity a p\u0159\u00edb\u011bhy. V\u00fdstava obsahuje 23 expon\u00e1t\u016f zn\u00e1mek a dopis\u016f s poutav\u00fdmi p\u0159\u00edb\u011bhy, kter\u00e9 dosud v\u011bt\u0161inou nebyly publikov\u00e1ny. Nejv\u00fdznamn\u011bj\u0161\u00ed zn\u00e1mky: 4. 4. 2024 od 16:30 v Dom\u011b Portus &#8211; p\u0159edn\u00e1\u0161ka KF 00-15 &#8211; Lubor Kunc &#8211; 110 let od vzniku rakousko-uhersk\u00e9 poln\u00ed po\u0161ty 22. a 23. 3. 2024 &#8211; Sb\u011bratel v Praze, hotel Olympik. Celodenn\u00ed burza zn\u00e1mek, minc\u00ed a bankovek. Komise znalc\u016f zaji\u0161\u0165uje poradenskou \u010dinnost. P\u0159\u00edtomni budou n\u00e1sleduj\u00edc\u00ed \u010dlenov\u00e9 Komise znalc\u016f: JUDr. Petr Folprecht, Ing. Josef Chudoba, Ph.D., Marek Vrba a Tom\u00e1\u0161 Pazdern\u00edk. https:\/\/www.sberatel.info\/veletrh-jaro\/ 7. 3. 2024 od 16:30 v Dom\u011b Portus &#8211; p\u0159edn\u00e1\u0161ka KF 00-15 &#8211; Ing. Lud\u011bk Jan\u016f &#8211; P\u0159\u00eddavn\u00e1 raz\u00edtka po\u0161tovn\u00edch \u00fa\u0159ad\u016f<\/p>\n","protected":false},"author":5,"featured_media":0,"parent":0,"menu_order":0,"comment_status":"closed","ping_status":"closed","template":"","meta":{"footnotes":""},"class_list":["post-617","page","type-page","status-publish","hentry"],"_links":{"self":[{"href":"https:\/\/svazfilatelistu.cz\/index.php?rest_route=\/wp\/v2\/pages\/617","targetHints":{"allow":["GET"]}}],"collection":[{"href":"https:\/\/svazfilatelistu.cz\/index.php?rest_route=\/wp\/v2\/pages"}],"about":[{"href":"https:\/\/svazfilatelistu.cz\/index.php?rest_route=\/wp\/v2\/types\/page"}],"author":[{"embeddable":true,"href":"https:\/\/svazfilatelistu.cz\/index.php?rest_route=\/wp\/v2\/users\/5"}],"replies":[{"embeddable":true,"href":"https:\/\/svazfilatelistu.cz\/index.php?rest_route=%2Fwp%2Fv2%2Fcomments&post=617"}],"version-history":[{"count":4,"href":"https:\/\/svazfilatelistu.cz\/index.php?rest_route=\/wp\/v2\/pages\/617\/revisions"}],"predecessor-version":[{"id":886,"href":"https:\/\/svazfilatelistu.cz\/index.php?rest_route=\/wp\/v2\/pages\/617\/revisions\/886"}],"wp:attachment":[{"href":"https:\/\/svazfilatelistu.cz\/index.php?rest_route=%2Fwp%2Fv2%2Fmedia&parent=617"}],"curies":[{"name":"wp","href":"https:\/\/api.w.org\/{rel}","templated":true}]}}